{"id":1053,"date":"2023-11-07T19:35:42","date_gmt":"2023-11-07T18:35:42","guid":{"rendered":"https:\/\/www.articor.com\/textil-suro\/"},"modified":"2026-03-24T09:01:43","modified_gmt":"2026-03-24T08:01:43","slug":"textil-suro","status":"publish","type":"page","link":"https:\/\/www.articor.com\/ca\/textil-suro\/","title":{"rendered":"T\u00e8xtil suro"},"content":{"rendered":"<p>[et_pb_section fb_built=&#8221;1&#8243; fullwidth=&#8221;on&#8221; _builder_version=&#8221;4.23.1&#8243; _module_preset=&#8221;default&#8221; global_colors_info=&#8221;{}&#8221;][et_pb_fullwidth_slider use_text_overlay=&#8221;off&#8221; arrows_custom_color=&#8221;#1C4273&#8243; dot_nav_custom_color=&#8221;#1C4273&#8243; _builder_version=&#8221;4.27.4&#8243; _module_preset=&#8221;default&#8221; header_text_color=&#8221;#FFFFFF&#8221; header_font_size=&#8221;61px&#8221; background_image=&#8221;https:\/\/www.articor.com\/wp-content\/uploads\/2023\/11\/textil-corcho-slide-3.jpg&#8221; custom_padding=&#8221;164px||186px|||&#8221; auto=&#8221;on&#8221; auto_speed=&#8221;6000&#8243; hover_enabled=&#8221;0&#8243; text_shadow_style=&#8221;preset1&#8243; text_shadow_blur_strength=&#8221;0em&#8221; text_shadow_color=&#8221;#FFFFFF&#8221; global_colors_info=&#8221;{}&#8221; sticky_enabled=&#8221;0&#8243;][et_pb_slide heading=&#8221;Colors en teixit de suro&#8221; heading_tablet=&#8221;Teixit de suro&#8221; heading_phone=&#8221;Teixit de suro&#8221; heading_last_edited=&#8221;on|desktop&#8221; _builder_version=&#8221;4.27.4&#8243; _module_preset=&#8221;default&#8221; header_font=&#8221;Adamina||||||||&#8221; header_text_color=&#8221;#FFFFFF&#8221; background_image=&#8221;https:\/\/www.articor.com\/wp-content\/uploads\/2025\/09\/corkautumn3-scaled.jpg&#8221; background_enable_image=&#8221;on&#8221; header_text_shadow_style=&#8221;preset2&#8243; header_text_shadow_color=&#8221;#000000&#8243; global_colors_info=&#8221;{}&#8221; sticky_transition=&#8221;on&#8221;][\/et_pb_slide][et_pb_slide heading=&#8221;Teixit de suro &#8221; _builder_version=&#8221;4.27.4&#8243; _module_preset=&#8221;default&#8221; header_font=&#8221;Adamina||||||||&#8221; background_image=&#8221;https:\/\/www.articor.com\/wp-content\/uploads\/2025\/09\/cork-autumn4-1-scaled.jpg&#8221; background_enable_image=&#8221;on&#8221; header_text_shadow_style=&#8221;preset2&#8243; header_text_shadow_color=&#8221;#000000&#8243; global_colors_info=&#8221;{}&#8221; sticky_transition=&#8221;on&#8221;][\/et_pb_slide][et_pb_slide heading=&#8221;Teixit de suro &#8221; _builder_version=&#8221;4.27.4&#8243; _module_preset=&#8221;default&#8221; header_font=&#8221;Adamina||||||||&#8221; background_image=&#8221;https:\/\/www.articor.com\/wp-content\/uploads\/2025\/09\/cork-autumn5-scaled.jpg&#8221; background_enable_image=&#8221;on&#8221; hover_enabled=&#8221;0&#8243; header_text_shadow_style=&#8221;preset2&#8243; header_text_shadow_color=&#8221;#000000&#8243; global_colors_info=&#8221;{}&#8221; sticky_transition=&#8221;on&#8221; sticky_enabled=&#8221;0&#8243;][\/et_pb_slide][\/et_pb_fullwidth_slider][\/et_pb_section][et_pb_section fb_built=&#8221;1&#8243; _builder_version=&#8221;4.23&#8243; _module_preset=&#8221;default&#8221; custom_margin=&#8221;-8px|||||&#8221; custom_padding=&#8221;||24px|||&#8221; global_colors_info=&#8221;{}&#8221;][et_pb_row _builder_version=&#8221;4.23&#8243; _module_preset=&#8221;default&#8221; custom_padding=&#8221;||43px|||&#8221; global_colors_info=&#8221;{}&#8221;][et_pb_column type=&#8221;4_4&#8243; _builder_version=&#8221;4.23&#8243; _module_preset=&#8221;default&#8221; global_colors_info=&#8221;{}&#8221;][et_pb_text _builder_version=&#8221;4.27.0&#8243; _module_preset=&#8221;default&#8221; text_font_size=&#8221;16px&#8221; text_orientation=&#8221;center&#8221; global_colors_info=&#8221;{}&#8221;]<\/p>\n<p style=\"text-align: center;\"><strong>Descobriu la m\u00e0gia del nostre teixit de suro i submergiu-vos en un mon de possibilitats.<\/strong><\/p>\n<p style=\"text-align: center;\"><strong>Articork \u00e9s una empresa especialitzada en la fabricaci\u00f3 de teixit de<a href=\"https:\/\/es.wikipedia.org\/wiki\/Corcho\"> suro.<\/a><\/strong><\/p>\n<p style=\"text-align: center;\">El nostre principal objectiu \u00e9s la creaci\u00f3 de teixits de suro \u00fanics, utilitzant el suro amb base t\u00e8xtil. Aquesta innovadora t\u00e8cnica ens permet obtenir un teixit resistent, agradable al tacte i que es pugui cosir.<\/p>\n<p style=\"text-align: center;\">El <strong>teixit de suro o tela de suro d&#8217;Articork<\/strong> destaca per la seva versatilitat i funcionalitat a m\u00e9s s\u00f3n ideals per a confeccionar una gran varietat de productes, des de bosses i cal\u00e7at, fins a tapisseria i decoraci\u00f3 d&#8217;interiors. Fins i tot es poden utilitzar per a la fabricaci\u00f3 de paraig\u00fces i ventalls, brindant un toc d&#8217;eleg\u00e0ncia i distinci\u00f3.<\/p>\n<p style=\"text-align: center;\">Sent aptes per a vegans, amb una \u00e0mplia gamma de colors i diferents models de suro, podem oferir infinites possibilitats creatives als nostres clients.<\/p>\n<p style=\"text-align: center;\">Des d&#8217;Articork us presentem una l\u00ednia de productes t\u00e8xtils que abasten diferents gruixos des de 0&#8217;5mm fins a 1 mm. Aix\u00f2 permetr\u00e0 adaptar-se a les necessitats especif\u00edques de cada projecte i garantir resultats excepcionals en termes de qualitat i est\u00e8tica.<\/p>\n<p style=\"text-align: center;\"> \u00a1Cont\u00e1ctenos hoy mismo y descubra c\u00f3mo nuestros productos pueden llevar tus proyectos al siguiente nivel!<\/p>\n<p>[\/et_pb_text][\/et_pb_column][\/et_pb_row][\/et_pb_section][et_pb_section fb_built=&#8221;1&#8243; _builder_version=&#8221;4.23&#8243; _module_preset=&#8221;default&#8221; background_color=&#8221;#1C4273&#8243; custom_padding=&#8221;23px||9px|||&#8221; global_colors_info=&#8221;{}&#8221;][et_pb_row column_structure=&#8221;1_4,1_4,1_4,1_4&#8243; make_equal=&#8221;on&#8221; _builder_version=&#8221;4.23&#8243; _module_preset=&#8221;default&#8221; width=&#8221;100%&#8221; custom_padding=&#8221;0px||5px|||&#8221; global_colors_info=&#8221;{}&#8221;][et_pb_column type=&#8221;1_4&#8243; _builder_version=&#8221;4.23&#8243; _module_preset=&#8221;default&#8221; global_colors_info=&#8221;{}&#8221;][et_pb_button button_url=&#8221;#modelos-textil-corcho&#8221; button_text=&#8221;MODELS&#8221; _builder_version=&#8221;4.23&#8243; _module_preset=&#8221;default&#8221; custom_button=&#8221;on&#8221; button_text_size=&#8221;25px&#8221; button_text_color=&#8221;#FFFFFF&#8221; button_bg_color=&#8221;#1C4273&#8243; button_border_color=&#8221;RGBA(255,255,255,0)&#8221; button_use_icon=&#8221;off&#8221; global_colors_info=&#8221;{}&#8221; button_text_color__hover_enabled=&#8221;on|hover&#8221; button_text_color__hover=&#8221;#939CA1&#8243;][\/et_pb_button][\/et_pb_column][et_pb_column type=&#8221;1_4&#8243; _builder_version=&#8221;4.23&#8243; _module_preset=&#8221;default&#8221; global_colors_info=&#8221;{}&#8221;][et_pb_button button_url=&#8221;#colors-teixit-suro&#8221; button_text=&#8221;COLORS&#8221; _builder_version=&#8221;4.23&#8243; _module_preset=&#8221;default&#8221; custom_button=&#8221;on&#8221; button_text_size=&#8221;25px&#8221; button_text_color=&#8221;#FFFFFF&#8221; button_bg_color=&#8221;#1C4273&#8243; button_border_color=&#8221;RGBA(255,255,255,0)&#8221; button_use_icon=&#8221;off&#8221; global_colors_info=&#8221;{}&#8221; button_text_color__hover_enabled=&#8221;on|hover&#8221; button_text_color__hover=&#8221;#939CA1&#8243;][\/et_pb_button][\/et_pb_column][et_pb_column type=&#8221;1_4&#8243; _builder_version=&#8221;4.23&#8243; _module_preset=&#8221;default&#8221; global_colors_info=&#8221;{}&#8221;][et_pb_button button_url=&#8221;#gravats-teixit-suro&#8221; button_text=&#8221;GRAVATS&#8221; _builder_version=&#8221;4.23&#8243; _module_preset=&#8221;default&#8221; custom_button=&#8221;on&#8221; button_text_size=&#8221;25px&#8221; button_text_color=&#8221;#FFFFFF&#8221; button_bg_color=&#8221;#1C4273&#8243; button_border_color=&#8221;RGBA(255,255,255,0)&#8221; button_use_icon=&#8221;off&#8221; global_colors_info=&#8221;{}&#8221; button_text_color__hover_enabled=&#8221;on|hover&#8221; button_text_color__hover=&#8221;#939CA1&#8243;][\/et_pb_button][\/et_pb_column][et_pb_column type=&#8221;1_4&#8243; _builder_version=&#8221;4.23&#8243; _module_preset=&#8221;default&#8221; global_colors_info=&#8221;{}&#8221;][et_pb_button button_url=&#8221;#suport-teixit-suro&#8221; button_text=&#8221;BACKING\/SUPORT&#8221; _builder_version=&#8221;4.23&#8243; _module_preset=&#8221;default&#8221; custom_button=&#8221;on&#8221; button_text_size=&#8221;25px&#8221; button_text_color=&#8221;#FFFFFF&#8221; button_bg_color=&#8221;#1C4273&#8243; button_border_color=&#8221;RGBA(255,255,255,0)&#8221; button_use_icon=&#8221;off&#8221; global_colors_info=&#8221;{}&#8221; button_text_color__hover_enabled=&#8221;on|hover&#8221; button_text_color__hover=&#8221;#939CA1&#8243;][\/et_pb_button][\/et_pb_column][\/et_pb_row][\/et_pb_section][et_pb_section fb_built=&#8221;1&#8243; module_id=&#8221;models-teixit- suro&#8221; _builder_version=&#8221;4.23&#8243; _module_preset=&#8221;default&#8221; background_color=&#8221;rgba(147,156,161,0.35)&#8221; custom_padding=&#8221;30px||14px|||&#8221; border_width_bottom=&#8221;3px&#8221; border_color_bottom=&#8221;#1C4273&#8243; global_colors_info=&#8221;{}&#8221;][et_pb_row _builder_version=&#8221;4.23&#8243; _module_preset=&#8221;default&#8221; global_colors_info=&#8221;{}&#8221;][et_pb_column type=&#8221;4_4&#8243; _builder_version=&#8221;4.23&#8243; _module_preset=&#8221;default&#8221; global_colors_info=&#8221;{}&#8221;][et_pb_text admin_label=&#8221;modelos textil&#8221; _builder_version=&#8221;4.27.0&#8243; _module_preset=&#8221;default&#8221; global_colors_info=&#8221;{}&#8221;]<\/p>\n<h3>MODELS de SURO:<\/h3>\n<p>[\/et_pb_text][et_pb_shop type=&#8221;product_category&#8221; posts_number=&#8221;20&#8243; include_categories=&#8221;17&#8243; columns_number=&#8221;4&#8243; show_price=&#8221;off&#8221; show_rating=&#8221;off&#8221; show_sale_badge=&#8221;off&#8221; _builder_version=&#8221;4.23&#8243; _module_preset=&#8221;default&#8221; title_text_align=&#8221;center&#8221; global_colors_info=&#8221;{}&#8221;][\/et_pb_shop][\/et_pb_column][\/et_pb_row][\/et_pb_section][et_pb_section fb_built=&#8221;1&#8243; module_id=&#8221;colors-teixit- suro&#8221; _builder_version=&#8221;4.23&#8243; _module_preset=&#8221;default&#8221; background_color=&#8221;RGBA(255,255,255,0)&#8221; custom_padding=&#8221;30px||14px|||&#8221; border_width_bottom=&#8221;3px&#8221; border_color_bottom=&#8221;#1C4273&#8243; global_colors_info=&#8221;{}&#8221;][et_pb_row _builder_version=&#8221;4.23&#8243; _module_preset=&#8221;default&#8221; global_colors_info=&#8221;{}&#8221;][et_pb_column type=&#8221;4_4&#8243; _builder_version=&#8221;4.23&#8243; _module_preset=&#8221;default&#8221; global_colors_info=&#8221;{}&#8221;][et_pb_text admin_label=&#8221;modelos textil&#8221; _builder_version=&#8221;4.23&#8243; _module_preset=&#8221;default&#8221; global_colors_info=&#8221;{}&#8221;]<\/p>\n<h3>COLORS:<\/h3>\n<p>[\/et_pb_text][et_pb_text _builder_version=&#8221;4.24.3&#8243; _module_preset=&#8221;default&#8221; global_colors_info=&#8221;{}&#8221;]<\/p>\n<p>Al ser fabricants tenim la possibilitat d&#8217;elaborar infinitat de colors.<\/p>\n<p>A continuaci\u00f3 us presentem els nostres colors est\u00e0ndard amb el suro model BARCELONA , per\u00f2 si us interessa algun altre color que no trobeu en aquest apartat, podeu contactar amb nosaltres i conjuntament amb el nostre departament d&#8217;R + D podrem aconseguir el color que necessiteu.<\/p>\n<p>[\/et_pb_text][\/et_pb_column][\/et_pb_row][et_pb_row _builder_version=&#8221;4.23&#8243; _module_preset=&#8221;default&#8221; global_colors_info=&#8221;{}&#8221;][et_pb_column type=&#8221;4_4&#8243; _builder_version=&#8221;4.23&#8243; _module_preset=&#8221;default&#8221; global_colors_info=&#8221;{}&#8221;][et_pb_shop type=&#8221;product_category&#8221; posts_number=&#8221;20&#8243; include_categories=&#8221;20&#8243; columns_number=&#8221;4&#8243; show_price=&#8221;off&#8221; show_rating=&#8221;off&#8221; show_sale_badge=&#8221;off&#8221; _builder_version=&#8221;4.23&#8243; _module_preset=&#8221;default&#8221; title_text_align=&#8221;center&#8221; global_colors_info=&#8221;{}&#8221;][\/et_pb_shop][\/et_pb_column][\/et_pb_row][\/et_pb_section][et_pb_section fb_built=&#8221;1&#8243; module_id=&#8221;grabados-textil-corcho&#8221; _builder_version=&#8221;4.23&#8243; _module_preset=&#8221;default&#8221; background_color=&#8221;rgba(147,156,161,0.35)&#8221; custom_padding=&#8221;30px||14px|||&#8221; border_width_bottom=&#8221;3px&#8221; border_color_bottom=&#8221;#1C4273&#8243; global_colors_info=&#8221;{}&#8221;][et_pb_row _builder_version=&#8221;4.23&#8243; _module_preset=&#8221;default&#8221; global_colors_info=&#8221;{}&#8221;][et_pb_column type=&#8221;4_4&#8243; _builder_version=&#8221;4.23&#8243; _module_preset=&#8221;default&#8221; global_colors_info=&#8221;{}&#8221;][et_pb_text admin_label=&#8221;modelos textil&#8221; _builder_version=&#8221;4.23&#8243; _module_preset=&#8221;default&#8221; global_colors_info=&#8221;{}&#8221;]<\/p>\n<h3>GRAVATS:<\/h3>\n<p>[\/et_pb_text][et_pb_shop type=&#8221;product_category&#8221; posts_number=&#8221;20&#8243; include_categories=&#8221;21&#8243; columns_number=&#8221;4&#8243; show_price=&#8221;off&#8221; show_rating=&#8221;off&#8221; show_sale_badge=&#8221;off&#8221; _builder_version=&#8221;4.23&#8243; _module_preset=&#8221;default&#8221; title_text_align=&#8221;center&#8221; global_colors_info=&#8221;{}&#8221;][\/et_pb_shop][\/et_pb_column][\/et_pb_row][\/et_pb_section][et_pb_section fb_built=&#8221;1&#8243; module_id=&#8221;soporte-textil-corcho&#8221; _builder_version=&#8221;4.23&#8243; _module_preset=&#8221;default&#8221; background_color=&#8221;RGBA(255,255,255,0)&#8221; custom_padding=&#8221;30px||14px|||&#8221; border_color_bottom=&#8221;#B22126&#8243; global_colors_info=&#8221;{}&#8221;][et_pb_row _builder_version=&#8221;4.23&#8243; _module_preset=&#8221;default&#8221; global_colors_info=&#8221;{}&#8221;][et_pb_column type=&#8221;4_4&#8243; _builder_version=&#8221;4.23&#8243; _module_preset=&#8221;default&#8221; global_colors_info=&#8221;{}&#8221;][et_pb_text admin_label=&#8221;modelos textil&#8221; _builder_version=&#8221;4.23&#8243; _module_preset=&#8221;default&#8221; global_colors_info=&#8221;{}&#8221;]<\/p>\n<h3>TIPUS BACKIG\/SUPORT:<\/h3>\n<p>[\/et_pb_text][et_pb_text _builder_version=&#8221;4.24.3&#8243; _module_preset=&#8221;default&#8221; global_colors_info=&#8221;{}&#8221;]<\/p>\n<p>Disposem de teixits de suro amb base 100%cot\u00f2, 100% poli\u00e8ster, non woven i teixits de poli\u00e8ster + cot\u00f2.<\/p>\n<p>Depenent del producte que es fabricar\u00e0 uns suports seran m\u00e9s adequats que d&#8217;altres.<\/p>\n<p>Tipus de suports\/backing :<\/p>\n<ul>\n<li><strong>T\u00e8xtil de poli\u00e8ster i coto:<\/strong> gruix aproximat de 0\u201985mm i ample 140 \u00b12cm<br \/>Aquest teixit compost de poli\u00e8ster , cot\u00f2 i PU t\u00e9 diverses aplicacions : cal\u00e7at, marroquineria i tapisseria. Tamb\u00e9 se sol utilitzar per a decoraci\u00f3 d&#8217;interiors, Patchword, manualitats i artesania.<\/li>\n<li><strong>Cot\u00f2 100% :<\/strong> compost 100% de cot\u00f2 amb gruix de 0\u20195mm i ample 150 \u00b12cm. La seva aplicaci\u00f3 m\u00e9s comuna \u00e9s marroquineria i confecci\u00f3.<\/li>\n<li><strong>Poli\u00e8ster 100%:<\/strong> compost 100% de poli\u00e8ster, gruix aproximat de 0\u20193mm i ample 75cm\u00b12cm . Teixit impermeable, que principalment s&#8217;utilitza per a la fabricaci\u00f3 de paraig\u00fces i ventalls<\/li>\n<li><strong>Folre t\u00e8xtil:<\/strong> compost de poli\u00e8ster, cot\u00f2 i Pu. Suport utilitzat habitualment per a la fabricaci\u00f3 de plantilles (cal\u00e7at), folre de talons i marroquineria petita. Grossor disponible 0&#8217;85mm i ample 140 \u00b12cm.<\/li>\n<li><strong>Non Woven:<\/strong> suport de microfibres poli\u00e8ster , viscosa i Pu. Teixit no teixit. Utilitzat majorment per a folre de plantilles, fabricaci\u00f3 de carteres i bosses de mida petita. Grossors disponibles 0&#8217;7mm i 0&#8217;85mm, ample 140 \u00b12cm.<\/li>\n<\/ul>\n<p>[\/et_pb_text][\/et_pb_column][\/et_pb_row][\/et_pb_section]<\/p>\n","protected":false},"excerpt":{"rendered":"<p>Descobriu la m\u00e0gia del nostre teixit de suro i submergiu-vos en un mon de possibilitats. Articork \u00e9s una empresa especialitzada en la fabricaci\u00f3 de teixit de suro. El nostre principal objectiu \u00e9s la creaci\u00f3 de teixits de suro \u00fanics, utilitzant el suro amb base t\u00e8xtil. Aquesta innovadora t\u00e8cnica ens permet obtenir un teixit resistent, agradable [&hellip;]<\/p>\n","protected":false},"author":1,"featured_media":0,"parent":0,"menu_order":0,"comment_status":"closed","ping_status":"closed","template":"","meta":{"_et_pb_use_builder":"on","_et_pb_old_content":"","_et_gb_content_width":"","footnotes":""},"class_list":["post-1053","page","type-page","status-publish","hentry"],"yoast_head":"<!-- This site is optimized with the Yoast SEO plugin v24.4 - https:\/\/yoast.com\/wordpress\/plugins\/seo\/ -->\n<title>T\u00e8xtil suro - Articor Cork Products<\/title>\n<meta name=\"description\" content=\"Fabriquem teixit de suro o tela de suro, aplicant suro,sobre una base t\u00e8xtil, aix\u00ed obtenim un teixit resistent i agradable al tacte.\" \/>\n<meta name=\"robots\" content=\"index, follow, max-snippet:-1, max-image-preview:large, max-video-preview:-1\" \/>\n<link rel=\"canonical\" href=\"https:\/\/www.articor.com\/ca\/textil-suro\/\" \/>\n<meta property=\"og:locale\" content=\"ca_ES\" \/>\n<meta property=\"og:type\" content=\"article\" \/>\n<meta property=\"og:title\" content=\"T\u00e8xtil suro - Articor Cork Products\" \/>\n<meta property=\"og:description\" content=\"Fabriquem teixit de suro o tela de suro, aplicant suro,sobre una base t\u00e8xtil, aix\u00ed obtenim un teixit resistent i agradable al tacte.\" \/>\n<meta property=\"og:url\" content=\"https:\/\/www.articor.com\/ca\/textil-suro\/\" \/>\n<meta property=\"og:site_name\" content=\"Articor Cork Products\" \/>\n<meta property=\"article:modified_time\" content=\"2026-03-24T08:01:43+00:00\" \/>\n<meta name=\"twitter:card\" content=\"summary_large_image\" \/>\n<meta name=\"twitter:label1\" content=\"Temps estimat de lectura\" \/>\n\t<meta name=\"twitter:data1\" content=\"8 minuts\" \/>\n<script type=\"application\/ld+json\" class=\"yoast-schema-graph\">{\"@context\":\"https:\/\/schema.org\",\"@graph\":[{\"@type\":\"WebPage\",\"@id\":\"https:\/\/www.articor.com\/ca\/textil-suro\/\",\"url\":\"https:\/\/www.articor.com\/ca\/textil-suro\/\",\"name\":\"T\u00e8xtil suro - Articor Cork Products\",\"isPartOf\":{\"@id\":\"https:\/\/www.articor.com\/ca\/#website\"},\"datePublished\":\"2023-11-07T18:35:42+00:00\",\"dateModified\":\"2026-03-24T08:01:43+00:00\",\"description\":\"Fabriquem teixit de suro o tela de suro, aplicant suro,sobre una base t\u00e8xtil, aix\u00ed obtenim un teixit resistent i agradable al tacte.\",\"breadcrumb\":{\"@id\":\"https:\/\/www.articor.com\/ca\/textil-suro\/#breadcrumb\"},\"inLanguage\":\"ca\",\"potentialAction\":[{\"@type\":\"ReadAction\",\"target\":[\"https:\/\/www.articor.com\/ca\/textil-suro\/\"]}]},{\"@type\":\"BreadcrumbList\",\"@id\":\"https:\/\/www.articor.com\/ca\/textil-suro\/#breadcrumb\",\"itemListElement\":[{\"@type\":\"ListItem\",\"position\":1,\"name\":\"Portada\",\"item\":\"https:\/\/www.articor.com\/ca\/home\/\"},{\"@type\":\"ListItem\",\"position\":2,\"name\":\"T\u00e8xtil suro\"}]},{\"@type\":\"WebSite\",\"@id\":\"https:\/\/www.articor.com\/ca\/#website\",\"url\":\"https:\/\/www.articor.com\/ca\/\",\"name\":\"Articor Cork Products\",\"description\":\"Fabricantes de productos derivados del corcho\",\"publisher\":{\"@id\":\"https:\/\/www.articor.com\/ca\/#organization\"},\"potentialAction\":[{\"@type\":\"SearchAction\",\"target\":{\"@type\":\"EntryPoint\",\"urlTemplate\":\"https:\/\/www.articor.com\/ca\/?s={search_term_string}\"},\"query-input\":{\"@type\":\"PropertyValueSpecification\",\"valueRequired\":true,\"valueName\":\"search_term_string\"}}],\"inLanguage\":\"ca\"},{\"@type\":\"Organization\",\"@id\":\"https:\/\/www.articor.com\/ca\/#organization\",\"name\":\"Articor Cork Products\",\"url\":\"https:\/\/www.articor.com\/ca\/\",\"logo\":{\"@type\":\"ImageObject\",\"inLanguage\":\"ca\",\"@id\":\"https:\/\/www.articor.com\/ca\/#\/schema\/logo\/image\/\",\"url\":\"https:\/\/www.articor.com\/wp-content\/uploads\/2023\/11\/logo_-blau_gris.png\",\"contentUrl\":\"https:\/\/www.articor.com\/wp-content\/uploads\/2023\/11\/logo_-blau_gris.png\",\"width\":233,\"height\":72,\"caption\":\"Articor Cork Products\"},\"image\":{\"@id\":\"https:\/\/www.articor.com\/ca\/#\/schema\/logo\/image\/\"}}]}<\/script>\n<!-- \/ Yoast SEO plugin. -->","yoast_head_json":{"title":"T\u00e8xtil suro - Articor Cork Products","description":"Fabriquem teixit de suro o tela de suro, aplicant suro,sobre una base t\u00e8xtil, aix\u00ed obtenim un teixit resistent i agradable al tacte.","robots":{"index":"index","follow":"follow","max-snippet":"max-snippet:-1","max-image-preview":"max-image-preview:large","max-video-preview":"max-video-preview:-1"},"canonical":"https:\/\/www.articor.com\/ca\/textil-suro\/","og_locale":"ca_ES","og_type":"article","og_title":"T\u00e8xtil suro - Articor Cork Products","og_description":"Fabriquem teixit de suro o tela de suro, aplicant suro,sobre una base t\u00e8xtil, aix\u00ed obtenim un teixit resistent i agradable al tacte.","og_url":"https:\/\/www.articor.com\/ca\/textil-suro\/","og_site_name":"Articor Cork Products","article_modified_time":"2026-03-24T08:01:43+00:00","twitter_card":"summary_large_image","twitter_misc":{"Temps estimat de lectura":"8 minuts"},"schema":{"@context":"https:\/\/schema.org","@graph":[{"@type":"WebPage","@id":"https:\/\/www.articor.com\/ca\/textil-suro\/","url":"https:\/\/www.articor.com\/ca\/textil-suro\/","name":"T\u00e8xtil suro - Articor Cork Products","isPartOf":{"@id":"https:\/\/www.articor.com\/ca\/#website"},"datePublished":"2023-11-07T18:35:42+00:00","dateModified":"2026-03-24T08:01:43+00:00","description":"Fabriquem teixit de suro o tela de suro, aplicant suro,sobre una base t\u00e8xtil, aix\u00ed obtenim un teixit resistent i agradable al tacte.","breadcrumb":{"@id":"https:\/\/www.articor.com\/ca\/textil-suro\/#breadcrumb"},"inLanguage":"ca","potentialAction":[{"@type":"ReadAction","target":["https:\/\/www.articor.com\/ca\/textil-suro\/"]}]},{"@type":"BreadcrumbList","@id":"https:\/\/www.articor.com\/ca\/textil-suro\/#breadcrumb","itemListElement":[{"@type":"ListItem","position":1,"name":"Portada","item":"https:\/\/www.articor.com\/ca\/home\/"},{"@type":"ListItem","position":2,"name":"T\u00e8xtil suro"}]},{"@type":"WebSite","@id":"https:\/\/www.articor.com\/ca\/#website","url":"https:\/\/www.articor.com\/ca\/","name":"Articor Cork Products","description":"Fabricantes de productos derivados del corcho","publisher":{"@id":"https:\/\/www.articor.com\/ca\/#organization"},"potentialAction":[{"@type":"SearchAction","target":{"@type":"EntryPoint","urlTemplate":"https:\/\/www.articor.com\/ca\/?s={search_term_string}"},"query-input":{"@type":"PropertyValueSpecification","valueRequired":true,"valueName":"search_term_string"}}],"inLanguage":"ca"},{"@type":"Organization","@id":"https:\/\/www.articor.com\/ca\/#organization","name":"Articor Cork Products","url":"https:\/\/www.articor.com\/ca\/","logo":{"@type":"ImageObject","inLanguage":"ca","@id":"https:\/\/www.articor.com\/ca\/#\/schema\/logo\/image\/","url":"https:\/\/www.articor.com\/wp-content\/uploads\/2023\/11\/logo_-blau_gris.png","contentUrl":"https:\/\/www.articor.com\/wp-content\/uploads\/2023\/11\/logo_-blau_gris.png","width":233,"height":72,"caption":"Articor Cork Products"},"image":{"@id":"https:\/\/www.articor.com\/ca\/#\/schema\/logo\/image\/"}}]}},"_links":{"self":[{"href":"https:\/\/www.articor.com\/ca\/wp-json\/wp\/v2\/pages\/1053","targetHints":{"allow":["GET"]}}],"collection":[{"href":"https:\/\/www.articor.com\/ca\/wp-json\/wp\/v2\/pages"}],"about":[{"href":"https:\/\/www.articor.com\/ca\/wp-json\/wp\/v2\/types\/page"}],"author":[{"embeddable":true,"href":"https:\/\/www.articor.com\/ca\/wp-json\/wp\/v2\/users\/1"}],"replies":[{"embeddable":true,"href":"https:\/\/www.articor.com\/ca\/wp-json\/wp\/v2\/comments?post=1053"}],"version-history":[{"count":112,"href":"https:\/\/www.articor.com\/ca\/wp-json\/wp\/v2\/pages\/1053\/revisions"}],"predecessor-version":[{"id":4060,"href":"https:\/\/www.articor.com\/ca\/wp-json\/wp\/v2\/pages\/1053\/revisions\/4060"}],"wp:attachment":[{"href":"https:\/\/www.articor.com\/ca\/wp-json\/wp\/v2\/media?parent=1053"}],"curies":[{"name":"wp","href":"https:\/\/api.w.org\/{rel}","templated":true}]}}